{"id":78,"date":"2020-11-10T16:14:39","date_gmt":"2020-11-10T16:14:39","guid":{"rendered":"http:\/\/trabajosocial.ubiobio.cl\/?page_id=78"},"modified":"2021-09-27T17:54:44","modified_gmt":"2021-09-27T20:54:44","slug":"estudiantes-2","status":"publish","type":"page","link":"http:\/\/trabajosocial.ubiobio.cl\/?page_id=78","title":{"rendered":"Estudiantes"},"content":{"rendered":"\n<figure class=\"wp-block-table aligncenter is-style-stripes\"><table class=\"has-background has-fixed-layout\" style=\"background-color:#e7f5fe\"><thead><tr><th>TEMAS DE INTER\u00c9S<\/th><th>DESCRIPCI\u00d3N<\/th><\/tr><\/thead><tbody><tr><td><a rel=\"noreferrer noopener\" href=\"https:\/\/www.ubiobio.cl\/w\/m.php?id=182\" data-type=\"URL\" data-id=\"https:\/\/www.ubiobio.cl\/w\/m.php?id=182\" target=\"_blank\">Calendario acad\u00e9mico<\/a> <br>(M\u00e1s informaci\u00f3n)<\/td><td><br>Se definen las fechas relevantes de cada semestre. Entre ellas el inicio y t\u00e9rmino de clases, periodo de renuncia de asignaturas y fechas de evaluaci\u00f3n integradora.<br><br><\/td><\/tr><tr><td><a rel=\"noreferrer noopener\" href=\"http:\/\/ubiobio.cl\/docencia\/Decreto_Reglamento_Regimen_de_Estudios.pdf\" data-type=\"URL\" data-id=\"http:\/\/ubiobio.cl\/docencia\/Decreto_Reglamento_Regimen_de_Estudios.pdf\" target=\"_blank\">R\u00e9gimen de estudio<\/a><br>(M\u00e1s informaci\u00f3n)<\/td><td><br>Establece las normas generales que rigen las actividades docentes de la Universidad del B\u00edo- B\u00edo para sus distintas carreras. Entre los temas que aborda se encuentra la carga acad\u00e9mica del estudiante, la asistencia y las evaluaciones.<br><\/td><\/tr><tr><td><a rel=\"noreferrer noopener\" href=\"http:\/\/www.ubiobio.cl\/miweb\/webubb.php?id_pagina=7413\" target=\"_blank\">Solicitudes a DARCA<\/a><br>(M\u00e1s informaci\u00f3n)<\/td><td><br>Deriva al estudiante a la p\u00e1gina de la Direcci\u00f3n de Admisi\u00f3n Registro y Control Acad\u00e9mico (DARCA) donde se indica el procedimiento y formularios para realizar:  continuaci\u00f3n de estudios, convalidaci\u00f3n de asignaturas, suspensi\u00f3n de estudios, retiro temporal y cambio de carrera.  <br><\/td><\/tr><tr><td><a rel=\"noreferrer noopener\" href=\"https:\/\/ubiobio.cl\/admision\/Becas_y_Beneficios_UBB\/\" data-type=\"URL\" data-id=\"https:\/\/ubiobio.cl\/admision\/Becas_y_Beneficios_UBB\/\" target=\"_blank\">Becas y financiamiento<\/a><br>(M\u00e1s informaci\u00f3n)<\/td><td><br>Informaci\u00f3n becas internas Universidad del B\u00edo-B\u00edo.<br><br><\/td><\/tr><tr><td><a rel=\"noreferrer noopener\" href=\"http:\/\/rrii.ubiobio.cl\/movilidad-estudiantil\/\" target=\"_blank\">Pasant\u00edas de intercambio<\/a><br>(M\u00e1s informaci\u00f3n)<\/td><td><br>La Universidad del B\u00edo- B\u00edo promueve el intercambio nacional e internacional de estudiantes para cursar pasant\u00edas por semestre o a\u00f1o acad\u00e9mico, seg\u00fan Convenios vigentes. <\/td><\/tr><\/tbody><\/table><\/figure>\n\n\n\n<p><\/p>\n","protected":false},"excerpt":{"rendered":"<p>TEMAS DE INTER\u00c9S DESCRIPCI\u00d3N Calendario acad\u00e9mico (M\u00e1s informaci\u00f3n) Se definen las fechas relevantes de cada semestre. Entre ellas el inicio y t\u00e9rmino de clases, periodo de renuncia de asignaturas y fechas de evaluaci\u00f3n integradora. R\u00e9gimen de estudio(M\u00e1s informaci\u00f3n) Establece las normas generales que rigen las actividades docentes de la Universidad del B\u00edo- B\u00edo para sus [&hellip;]<\/p>\n","protected":false},"author":1,"featured_media":0,"parent":0,"menu_order":3,"comment_status":"closed","ping_status":"closed","template":"","meta":{"pgc_sgb_lightbox_settings":""},"_links":{"self":[{"href":"http:\/\/trabajosocial.ubiobio.cl\/index.php?rest_route=\/wp\/v2\/pages\/78"}],"collection":[{"href":"http:\/\/trabajosocial.ubiobio.cl\/index.php?rest_route=\/wp\/v2\/pages"}],"about":[{"href":"http:\/\/trabajosocial.ubiobio.cl\/index.php?rest_route=\/wp\/v2\/types\/page"}],"author":[{"embeddable":true,"href":"http:\/\/trabajosocial.ubiobio.cl\/index.php?rest_route=\/wp\/v2\/users\/1"}],"replies":[{"embeddable":true,"href":"http:\/\/trabajosocial.ubiobio.cl\/index.php?rest_route=%2Fwp%2Fv2%2Fcomments&post=78"}],"version-history":[{"count":38,"href":"http:\/\/trabajosocial.ubiobio.cl\/index.php?rest_route=\/wp\/v2\/pages\/78\/revisions"}],"predecessor-version":[{"id":1243,"href":"http:\/\/trabajosocial.ubiobio.cl\/index.php?rest_route=\/wp\/v2\/pages\/78\/revisions\/1243"}],"wp:attachment":[{"href":"http:\/\/trabajosocial.ubiobio.cl\/index.php?rest_route=%2Fwp%2Fv2%2Fmedia&parent=78"}],"curies":[{"name":"wp","href":"https:\/\/api.w.org\/{rel}","templated":true}]}}