{"id":57,"date":"2020-11-09T18:10:59","date_gmt":"2020-11-09T18:10:59","guid":{"rendered":"http:\/\/trabajosocial.ubiobio.cl\/?page_id=57"},"modified":"2021-06-11T20:42:33","modified_gmt":"2021-06-11T20:42:33","slug":"historia","status":"publish","type":"page","link":"http:\/\/trabajosocial.ubiobio.cl\/?page_id=57","title":{"rendered":"Historia"},"content":{"rendered":"\n<figure class=\"wp-block-image size-large\"><img loading=\"lazy\" width=\"1024\" height=\"576\" src=\"http:\/\/trabajosocial.ubiobio.cl\/wp-content\/uploads\/2021\/06\/Campuslacastilla-1024x576.jpg\" alt=\"\" class=\"wp-image-668\" srcset=\"http:\/\/trabajosocial.ubiobio.cl\/wp-content\/uploads\/2021\/06\/Campuslacastilla-1024x576.jpg 1024w, http:\/\/trabajosocial.ubiobio.cl\/wp-content\/uploads\/2021\/06\/Campuslacastilla-300x169.jpg 300w, http:\/\/trabajosocial.ubiobio.cl\/wp-content\/uploads\/2021\/06\/Campuslacastilla-768x432.jpg 768w, http:\/\/trabajosocial.ubiobio.cl\/wp-content\/uploads\/2021\/06\/Campuslacastilla-1536x864.jpg 1536w, http:\/\/trabajosocial.ubiobio.cl\/wp-content\/uploads\/2021\/06\/Campuslacastilla-2048x1152.jpg 2048w\" sizes=\"(max-width: 1024px) 100vw, 1024px\" \/><\/figure>\n\n\n\n<p><strong>Campus La Castilla, Facultad de educaci\u00f3n y Humaninades, Chill\u00e1n.<\/strong><\/p>\n\n\n\n<p>La Carrera de Trabajo Social de la Universidad del B\u00edo-B\u00edo fue creada el a\u00f1o 1995, bajo la administraci\u00f3n acad\u00e9mica y administrativa de la Facultad de Educaci\u00f3n y Humanidades en la ciudad de Chill\u00e1n, capital de la regi\u00f3n de \u00d1uble. La creaci\u00f3n de la unidad acad\u00e9mica responde a la necesidad de desarrollar la formaci\u00f3n profesional y disciplinaria en el campo del trabajo social en la Regi\u00f3n del Biob\u00edo. En el a\u00f1o 2006, la Escuela extiende sus funciones acad\u00e9micas a la ciudad de Concepci\u00f3n. La apertura de Trabajo Social en Concepci\u00f3n es coherente con la consolidaci\u00f3n de la Universidad del B\u00edo-B\u00edo en la comunidad penquista.<\/p>\n\n\n\n<p>Un aspecto relevante para el desarrollo de la Escuela fue su participaci\u00f3n en el Consorcio de Escuelas de Trabajo Social, con el cual se adjudic\u00f3 el proyecto Mecesup UCM0401 (2007-2009), cuyo prop\u00f3sito fue mejorar la formaci\u00f3n profesional de los\/as estudiantes de las Escuelas de Trabajo Social pertenecientes a las universidades del Consejo de Rectores constituyentes del consorcio. A trav\u00e9s de este proyecto, se impuls\u00f3 la implementaci\u00f3n de un curriculum basado en competencias, el fortalecimiento de las capacidades en docencia e innovaci\u00f3n tecnol\u00f3gica y el fomento de la movilidad estudiantil. Uno de los logros significativos del proyecto fue el dise\u00f1o inicial de la innovaci\u00f3n curricular basada en competencias y centrada en el estudiante, que fue aprobada por todas las instancias colegiadas de la Universidad (Consejo de Facultad; Consejo Acad\u00e9mico y Junta Directiva) en el mes de noviembre del a\u00f1o 2012, para su puesta en marcha durante el a\u00f1o acad\u00e9mico 2013. Otros logros alcanzados por el proyecto fueron la capacitaci\u00f3n docente en competencias, movilidad estudiantil en Universidades del Consorcio, pasant\u00edas de acad\u00e9micos\/as en universidades nacionales y extranjeras, adquisici\u00f3n de recursos bibliogr\u00e1ficos y de recursos para la docencia.<\/p>\n","protected":false},"excerpt":{"rendered":"<p>Campus La Castilla, Facultad de educaci\u00f3n y Humaninades, Chill\u00e1n. La Carrera de Trabajo Social de la Universidad del B\u00edo-B\u00edo fue creada el a\u00f1o 1995, bajo la administraci\u00f3n acad\u00e9mica y administrativa de la Facultad de Educaci\u00f3n y Humanidades en la ciudad de Chill\u00e1n, capital de la regi\u00f3n de \u00d1uble. La creaci\u00f3n de la unidad acad\u00e9mica responde [&hellip;]<\/p>\n","protected":false},"author":1,"featured_media":0,"parent":6,"menu_order":2,"comment_status":"closed","ping_status":"closed","template":"","meta":{"pgc_sgb_lightbox_settings":""},"_links":{"self":[{"href":"http:\/\/trabajosocial.ubiobio.cl\/index.php?rest_route=\/wp\/v2\/pages\/57"}],"collection":[{"href":"http:\/\/trabajosocial.ubiobio.cl\/index.php?rest_route=\/wp\/v2\/pages"}],"about":[{"href":"http:\/\/trabajosocial.ubiobio.cl\/index.php?rest_route=\/wp\/v2\/types\/page"}],"author":[{"embeddable":true,"href":"http:\/\/trabajosocial.ubiobio.cl\/index.php?rest_route=\/wp\/v2\/users\/1"}],"replies":[{"embeddable":true,"href":"http:\/\/trabajosocial.ubiobio.cl\/index.php?rest_route=%2Fwp%2Fv2%2Fcomments&post=57"}],"version-history":[{"count":3,"href":"http:\/\/trabajosocial.ubiobio.cl\/index.php?rest_route=\/wp\/v2\/pages\/57\/revisions"}],"predecessor-version":[{"id":669,"href":"http:\/\/trabajosocial.ubiobio.cl\/index.php?rest_route=\/wp\/v2\/pages\/57\/revisions\/669"}],"up":[{"embeddable":true,"href":"http:\/\/trabajosocial.ubiobio.cl\/index.php?rest_route=\/wp\/v2\/pages\/6"}],"wp:attachment":[{"href":"http:\/\/trabajosocial.ubiobio.cl\/index.php?rest_route=%2Fwp%2Fv2%2Fmedia&parent=57"}],"curies":[{"name":"wp","href":"https:\/\/api.w.org\/{rel}","templated":true}]}}