{"id":45,"date":"2020-11-09T17:15:17","date_gmt":"2020-11-09T17:15:17","guid":{"rendered":"http:\/\/trabajosocial.ubiobio.cl\/?page_id=45"},"modified":"2021-09-06T22:53:00","modified_gmt":"2021-09-07T01:53:00","slug":"vinculacion","status":"publish","type":"page","link":"http:\/\/trabajosocial.ubiobio.cl\/?page_id=45","title":{"rendered":"Vinculaci\u00f3n con el medio"},"content":{"rendered":"\n<p>Como parte de la Vinculaci\u00f3n bidireccional con el medio, la carrera de Trabajo Social desarrolla acciones en el \u00e1mbito de la docencia de pregrado, las pr\u00e1cticas profesionales, dispone del Centro de Intervenci\u00f3n e Investigaci\u00f3n Social (CIISETS) y realiza investigaci\u00f3n, desarrollo e innovaci\u00f3n. Estas acciones buscan establecer redes de colaboraci\u00f3n pertinentes con distintos actores relevantes de nuestro entorno significativo, a nivel geogr\u00e1fico, institucional y sectorial.<\/p>\n\n\n\n<p>A continuaci\u00f3n se muestra las actividades de vinculaci\u00f3n con el medio realizadas por nuestros acad\u00e9micos en los \u00faltimos a\u00f1os.<\/p>\n\n\n\n<table id=\"tablepress-4\" class=\"tablepress tablepress-id-4\">\n<thead>\n<tr class=\"row-1 odd\">\n\t<th class=\"column-1\">A\u00f1o<\/th><th class=\"column-2\">Nombre de la iniciativa<\/th><th class=\"column-3\">Nombre del responsable<\/th><th class=\"column-4\">Descripci\u00f3n<\/th>\n<\/tr>\n<\/thead>\n<tbody class=\"row-hover\">\n<tr class=\"row-2 even\">\n\t<td class=\"column-1\">2020<\/td><td class=\"column-2\">Curso Monitores de Prevenci\u00f3n de la violencia contra la mujer<\/td><td class=\"column-3\">CIISETS - SERNAMEG<\/td><td class=\"column-4\">En un convenio de colaboraci\u00f3n CIISETS-SERNAMEG, se realiz\u00f3 una capacitaci\u00f3n para estudiantes de Trabajo Social denominada \u201cMonitores\/as en Prevenci\u00f3n de la Violencia contra la mujer y en las relaciones amorosas\u201d, realizada en el mes de marzo de 2020.<\/td>\n<\/tr>\n<tr class=\"row-3 odd\">\n\t<td class=\"column-1\">2020<\/td><td class=\"column-2\">Formaci\u00f3n Continua en convenio con Servicio de Salud \u00d1uble<\/td><td class=\"column-3\">CIISETS<\/td><td class=\"column-4\">-\tMetodolog\u00eda de Educaci\u00f3n Popular para adultos y adultos mayores<br \/>\n-\tParticipaci\u00f3n Social en Salud<br \/>\n-\tMetodolog\u00eda de Educaci\u00f3n en Derechos Humanos en Salud<br \/>\n-\tBuen trato, protecci\u00f3n a la dignidad y perspectiva de g\u00e9nero.<br \/>\n<\/td>\n<\/tr>\n<tr class=\"row-4 even\">\n\t<td class=\"column-1\">2020<\/td><td class=\"column-2\">Formaci\u00f3n Continua en convenio con Servicio de Salud \u00d1uble<\/td><td class=\"column-3\">CIISETS<\/td><td class=\"column-4\">-\tEnfoque de derechos y fortalecimiento de las redes institucionales y comunitarias en infancia y adolescencia para la regi\u00f3n de \u00d1uble: avanzando hacia la instalaci\u00f3n de un sistema integrado, Mg. H\u00e9ctor Vargas Mu\u00f1oz.<\/td>\n<\/tr>\n<tr class=\"row-5 odd\">\n\t<td class=\"column-1\">2020<\/td><td class=\"column-2\">Proyectos de Extensi\u00f3n <\/td><td class=\"column-3\">CIISETS<\/td><td class=\"column-4\">Enfoque de derechos y fortalecimiento de las redes institucionales y comunitarias en infancia y adolescencia para la regi\u00f3n de \u00d1uble: avanzando hacia la instalaci\u00f3n de un sistema integrado, Mg. H\u00e9ctor Vargas Mu\u00f1oz.<\/td>\n<\/tr>\n<tr class=\"row-6 even\">\n\t<td class=\"column-1\">2018-2019<\/td><td class=\"column-2\">Formaci\u00f3n de Mediadores Escolares en Colegio San Vicente de Chill\u00e1n<\/td><td class=\"column-3\">CIISETS<\/td><td class=\"column-4\">CIISETS y su equipo de profesores y estudiantes trabajaron durante dos a\u00f1os en el proyecto de formaci\u00f3n de mediadores escolares en el Colegio San Vicente de Chill\u00e1n. Inicialmente, se trabajo un an\u00e1lisis situacional con participaci\u00f3n de directivos, profesores, estudiantes y asistentes de la educaci\u00f3n. Se desarrollo un proceso de intervenci\u00f3n con directivos, profesores y asistentes de la educaci\u00f3n en tem\u00e1ticas de convivencia escolar. Luego, de procedi\u00f3 al proceso de formaci\u00f3n de estudiantes de quinto a peimero medio. Se graduaron 25 estudiantes del proceso. Actualmente, el colegio ofrece mediaci\u00f3n escolar, con apoyo del Departamento de orientaci\u00f3n del Colegio.<\/td>\n<\/tr>\n<\/tbody>\n<\/table>\n\n\n\n\n<div class=\"wp-block-buttons\"><\/div>\n","protected":false},"excerpt":{"rendered":"<p>Como parte de la Vinculaci\u00f3n bidireccional con el medio, la carrera de Trabajo Social desarrolla acciones en el \u00e1mbito de la docencia de pregrado, las pr\u00e1cticas profesionales, dispone del Centro de Intervenci\u00f3n e Investigaci\u00f3n Social (CIISETS) y realiza investigaci\u00f3n, desarrollo e innovaci\u00f3n. Estas acciones buscan establecer redes de colaboraci\u00f3n pertinentes con distintos actores relevantes de [&hellip;]<\/p>\n","protected":false},"author":1,"featured_media":0,"parent":0,"menu_order":7,"comment_status":"closed","ping_status":"closed","template":"","meta":{"pgc_sgb_lightbox_settings":""},"_links":{"self":[{"href":"http:\/\/trabajosocial.ubiobio.cl\/index.php?rest_route=\/wp\/v2\/pages\/45"}],"collection":[{"href":"http:\/\/trabajosocial.ubiobio.cl\/index.php?rest_route=\/wp\/v2\/pages"}],"about":[{"href":"http:\/\/trabajosocial.ubiobio.cl\/index.php?rest_route=\/wp\/v2\/types\/page"}],"author":[{"embeddable":true,"href":"http:\/\/trabajosocial.ubiobio.cl\/index.php?rest_route=\/wp\/v2\/users\/1"}],"replies":[{"embeddable":true,"href":"http:\/\/trabajosocial.ubiobio.cl\/index.php?rest_route=%2Fwp%2Fv2%2Fcomments&post=45"}],"version-history":[{"count":16,"href":"http:\/\/trabajosocial.ubiobio.cl\/index.php?rest_route=\/wp\/v2\/pages\/45\/revisions"}],"predecessor-version":[{"id":1125,"href":"http:\/\/trabajosocial.ubiobio.cl\/index.php?rest_route=\/wp\/v2\/pages\/45\/revisions\/1125"}],"wp:attachment":[{"href":"http:\/\/trabajosocial.ubiobio.cl\/index.php?rest_route=%2Fwp%2Fv2%2Fmedia&parent=45"}],"curies":[{"name":"wp","href":"https:\/\/api.w.org\/{rel}","templated":true}]}}