{"id":246,"date":"2020-11-11T21:15:55","date_gmt":"2020-11-11T21:15:55","guid":{"rendered":"http:\/\/trabajosocial.ubiobio.cl\/?page_id=246"},"modified":"2021-06-03T23:08:47","modified_gmt":"2021-06-03T23:08:47","slug":"dr-alexander-panez","status":"publish","type":"page","link":"http:\/\/trabajosocial.ubiobio.cl\/?page_id=246","title":{"rendered":"Dr. Alexander Panez"},"content":{"rendered":"\n<p class=\"has-text-align-center\">Escuela de Trabajo Social, sede Concepci\u00f3n \/ email: apanez@ubiobio.cl<\/p>\n\n\n\n<div class=\"wp-block-image\"><figure class=\"aligncenter size-large\"><img loading=\"lazy\" width=\"398\" height=\"300\" src=\"http:\/\/trabajosocial.ubiobio.cl\/wp-content\/uploads\/2020\/11\/foto-profe-alexander-2.png\" alt=\"\" class=\"wp-image-270\" srcset=\"http:\/\/trabajosocial.ubiobio.cl\/wp-content\/uploads\/2020\/11\/foto-profe-alexander-2.png 398w, http:\/\/trabajosocial.ubiobio.cl\/wp-content\/uploads\/2020\/11\/foto-profe-alexander-2-300x226.png 300w\" sizes=\"(max-width: 398px) 100vw, 398px\" \/><\/figure><\/div>\n\n\n\n<h2>Formaci\u00f3n<\/h2>\n\n\n\n<ul><li>Trabajador Social, Universidad Cat\u00f3lica de Valpara\u00edso.<\/li><li>Doctor en Geograf\u00eda, Universidad Federal Fluminense, Brasil.<\/li><\/ul>\n\n\n\n<h2>Docencia<\/h2>\n\n\n\n<p><strong>Asignaturas de pregrado: <\/strong><\/p>\n\n\n\n<ul><li>Intervenci\u00f3n Social Territorial y Comunitaria I y II.<\/li><\/ul>\n\n\n\n<h2>Investigaci\u00f3n<\/h2>\n\n\n\n<h5>Proyectos de investigaci\u00f3n<\/h5>\n\n\n\n<ul><li>\u00abDe zonas de sacrificio a zonas de recuperaci\u00f3n socioambiental: construcci\u00f3n participativa de criterios de gobernanza ambiental y bienestar en las bah\u00edas-puerto de Huasco, Puchuncav\u00ed-Quintero y Coronel, Chile\u201d (2019-2022)<\/li><li>Rearranjo de poder na Iniciativa de Integra\u00e7\u00e3o Regional da Am\u00e9rica do Sul (IIRSA)? An\u00e1lise das tend\u00eancias atuais do seu processo de implanta\u00e7\u00e3o\u201d. (2018-2020)<\/li><li>Research on Remunicipalisation in Public Services 2000-2018\u201d. (2017-2020)<\/li><li>O Movimento de Reconceitua\u00e7\u00e3o do Servi\u00e7o Social na Am\u00e9rica Latina (Argentina, Brasil, Chile, e Col\u00f4mbia): determinantes hist\u00f3ricos, interlocu\u00e7\u00f5es internacionais e mem\u00f3ria. (2017-2020)<\/li><li>Monitoreo de indicadores socioecon\u00f3micos de municipios afectados por el Complejo Petroqu\u00edmico COMPERJ, Estado de Rio de Janeiro, Brasil\u201d. (2013)<\/li><\/ul>\n\n\n\n<h5>Art\u00edculos cient\u00edficos<\/h5>\n\n\n\n<ul><li>Alexander Panez, Ilka Roose, Rodrigo Fa\u00fandez. \u00abAgribusiness Facing Its Limits: The Re-Design of Neoliberalization Strategies in the Exporting Agriculture Sector in Chile\u201d. 2020 <a rel=\"noreferrer noopener\" href=\"http:\/\/repositorio.uchile.cl\/bitstream\/handle\/2250\/174744\/Agribusiness-Facing-Its-Limits.pdf?sequence=1&amp;isAllowed=y\" data-type=\"URL\" data-id=\"http:\/\/repositorio.uchile.cl\/bitstream\/handle\/2250\/174744\/Agribusiness-Facing-Its-Limits.pdf?sequence=1&amp;isAllowed=y\" target=\"_blank\">Ver PDF<\/a><\/li><li>Ilka Roose, Alexander Panez. \u00abSocial Innovations as A Response to Dispossession: Community Water Management in View of Socio-Metabolic Rift in Chile\u201d. 2020 <a rel=\"noreferrer noopener\" href=\"https:\/\/www.mdpi.com\/2073-4441\/12\/2\/566\/pdf\" data-type=\"URL\" data-id=\"https:\/\/www.mdpi.com\/2073-4441\/12\/2\/566\/pdf\" target=\"_blank\">Ver PDF<\/a><\/li><li>Pablo Mansilla, Alexander Panez.\u00bbDiscursos geopol\u00edticos de desarrollo y reestructuraci\u00f3n territorial IIRSA en el eje Mercosur-Chile\u201d. 2019 <a rel=\"noreferrer noopener\" href=\"https:\/\/scielo.conicyt.cl\/pdf\/rda\/n59\/0719-2681-rda-59-37.pdf\" data-type=\"URL\" data-id=\"https:\/\/scielo.conicyt.cl\/pdf\/rda\/n59\/0719-2681-rda-59-37.pdf\" target=\"_blank\">Ver PDF<\/a><\/li><li>Alexander Panez, Pablo Mansilla, Andr\u00e9s Moreira. \u00abAgua, tierra y fractura sociometab\u00f3lica del agronegocio. Actividad frut\u00edcola en Petorca, Chile\u201d. 2018 <a rel=\"noreferrer noopener\" href=\"https:\/\/revistas.unal.edu.co\/index.php\/bitacora\/article\/view\/72210\/pdf\" data-type=\"URL\" data-id=\"https:\/\/revistas.unal.edu.co\/index.php\/bitacora\/article\/view\/72210\/pdf\" target=\"_blank\">Ver PDF<\/a><\/li><li>Alexander Panez. \u00abAgua-Territorio en Am\u00e9rica Latina: Contribuciones a partir del an\u00e1lisis de estudios sobre conflictos h\u00eddricos en Chile\u201d. 2018 <a rel=\"noreferrer noopener\" href=\"https:\/\/revistas.uned.ac.cr\/index.php\/rupturas\/article\/view\/1978\/2230\" data-type=\"URL\" data-id=\"https:\/\/revistas.uned.ac.cr\/index.php\/rupturas\/article\/view\/1978\/2230\" target=\"_blank\">Ver PDF<\/a><\/li><li>Ladislaw Dowbor, Arlindo Esteves, Alexander Panez\u00bbReapropiaciones de los bienes comunes: miradas cr\u00edticas en torno a la gobernanza h\u00eddrica\u201d. 2018 <a rel=\"noreferrer noopener\" href=\"https:\/\/revistas.uned.ac.cr\/index.php\/rupturas\/article\/view\/2112\/2474\" data-type=\"URL\" data-id=\"https:\/\/revistas.uned.ac.cr\/index.php\/rupturas\/article\/view\/2112\/2474\" target=\"_blank\">Ver PDF<\/a><\/li><li>Alexander Panez, K\u00e1tia Marro, Maria L\u00facia Duriguetto, Paula Vidal Molina, Victor Neves, Victor Orellana Bravo. \u00abDesalambrando- hist\u00f3rias: o Servi\u00e7o Social e as lutas sociais no Chile (1970-1973)\u201d. 2017. <a rel=\"noreferrer noopener\" href=\"http:\/\/ediciones.ucsh.cl\/index.php\/Perspectivas\/article\/view\/2025\/1820\" data-type=\"URL\" data-id=\"http:\/\/ediciones.ucsh.cl\/index.php\/Perspectivas\/article\/view\/2025\/1820\" target=\"_blank\">Ver PDF(ES)<\/a>  <a rel=\"noreferrer noopener\" href=\"https:\/\/www.e-publicacoes.uerj.br\/index.php\/revistaempauta\/article\/download\/32742\/23541\" data-type=\"URL\" data-id=\"https:\/\/www.e-publicacoes.uerj.br\/index.php\/revistaempauta\/article\/download\/32742\/23541\" target=\"_blank\">Ver PDF(BR)<\/a> <\/li><li>Alexander Panez, Rodrigo Fa\u00fandez, Camilo Mansilla. \u00abPolitizaci\u00f3n de la crisis h\u00eddrica en Chile: An\u00e1lisis del conflicto por el agua en la provincia de Petorca\u201d. 2017. <a rel=\"noreferrer noopener\" href=\"https:\/\/dialnet.unirioja.es\/descarga\/articulo\/6278688.pdf\" data-type=\"URL\" data-id=\"https:\/\/dialnet.unirioja.es\/descarga\/articulo\/6278688.pdf\" target=\"_blank\">Ver PDF<\/a><\/li><li>V\u00edctor Orellana, Alexander Panez. \u00abEl debate sobre la cuesti\u00f3n urbana y el Trabajo Social: contribuciones cr\u00edticas para pensar la profesi\u00f3n en territorios de relegaci\u00f3n urbana\u201d. 2016. <a rel=\"noreferrer noopener\" href=\"http:\/\/ediciones.ucsh.cl\/ojs\/index.php\/Perspectivas\/article\/view\/411\/361\" data-type=\"URL\" data-id=\"http:\/\/ediciones.ucsh.cl\/ojs\/index.php\/Perspectivas\/article\/view\/411\/361\" target=\"_blank\">Ver PDF<\/a><\/li><li>Alexander Panez. \u00abDesarrollo metropolitano del Gran Valpara\u00edso en debate: Divergencias entre discursos y pr\u00e1cticas espaciales de sus actores pol\u00edticos\u201d. 2015. <a rel=\"noreferrer noopener\" href=\"http:\/\/repositorio.uchile.cl\/bitstream\/handle\/2250\/115724\/panez_a.pdf?sequence=1&amp;isAllowed=y\" data-type=\"URL\" data-id=\"http:\/\/repositorio.uchile.cl\/bitstream\/handle\/2250\/115724\/panez_a.pdf?sequence=1&amp;isAllowed=y\" target=\"_blank\">Ver PDF<\/a><\/li><li>Alexander Panez. \u00abLa Disputa por la Ciudad: La importancia de una Perspectiva Urbana Cr\u00edtica en Trabajo Social\u201d. 2010. <a href=\"http:\/\/osocialemquestao.ser.puc-rio.br\/media\/osq24_pinto_5.pdf\" data-type=\"URL\" data-id=\"http:\/\/osocialemquestao.ser.puc-rio.br\/media\/osq24_pinto_5.pdf\" target=\"_blank\" rel=\"noreferrer noopener\">Ver PDF<\/a><\/li><\/ul>\n\n\n\n<h5>Libros y cap\u00edtulos de libro<\/h5>\n\n\n\n<ul><li>Alexander Panez. Cap\u00edtulo: \u00abLa irrupci\u00f3n del territorio: Discusiones en Trabajo Social a partir de los conflictos territoriales en Am\u00e9rica Latina\/Abya Yala\u201d. (p\u00e1g. 91-110, 2020). Referenciaci\u00f3n: \u00abEspacialidades en la intervenci\u00f3n social: debates para el Trabajo Social latinoamericano\u201d (coords) Felipe Saravia, Bel\u00e9n Ortega y Juan Saavedra.<\/li><li>Marcelo Rodriguez, Martin Scarpacci, Alexander Panez. Cap\u00edtulo: \u00abConflictos Territoriales y \u00c9ticas Insurgentes: Reflexiones desde Am\u00e9rica Latina\/Abya Yala\u201d. (p\u00e1g. 97-138, 2020). Referenciaci\u00f3n: Bio\u00e9tica urbana desde el Sur Global: Territorialidades bio\u00e9ticas emergentes\u201d (coords) Laura Sarmiento y Erick Araujo.<\/li><li>Alexander Panez, K\u00e1tia Marro, Maria L\u00facia Duriguetto, Paula Vidal, Victor Neves y V\u00edctor Orellana. Considera\u00e7\u00f5es sobre a trajet\u00f3ria hist\u00f3rica do Servi\u00e7o Social no Chile: da Reconceitua\u00e7\u00e3o ao tempo presente. Referenciaci\u00f3n: Servi\u00e7o Social na Hist\u00f3ria: Am\u00e9rica Latina, \u00c1frica e Europa (coords) Maria Carmelita Yazbek\/ Marilda Villela Iamamoto. (2019)<\/li><li>Alexander Panez. \u00c1gua e conflitos sociais na Am\u00e9rica Latina\/Abya Yala: Aproxima\u00e7\u00f5es para o debate. (p\u00e1g. 125-142, 2018). Referenciaci\u00f3n: Conflito, territorialidade e desenvolvimento: Algumas reflex\u00f5es sobre o campo amapaense\u201d&nbsp; v.3.<\/li><\/ul>\n\n\n\n<h2>Vinculaci\u00f3n con el medio<\/h2>\n","protected":false},"excerpt":{"rendered":"<p>Escuela de Trabajo Social, sede Concepci\u00f3n \/ email: apanez@ubiobio.cl Formaci\u00f3n Trabajador Social, Universidad Cat\u00f3lica de Valpara\u00edso. Doctor en Geograf\u00eda, Universidad Federal Fluminense, Brasil. Docencia Asignaturas de pregrado: Intervenci\u00f3n Social Territorial y Comunitaria I y II. Investigaci\u00f3n Proyectos de investigaci\u00f3n \u00abDe zonas de sacrificio a zonas de recuperaci\u00f3n socioambiental: construcci\u00f3n participativa de criterios de gobernanza ambiental [&hellip;]<\/p>\n","protected":false},"author":1,"featured_media":0,"parent":67,"menu_order":0,"comment_status":"closed","ping_status":"closed","template":"","meta":{"pgc_sgb_lightbox_settings":""},"_links":{"self":[{"href":"http:\/\/trabajosocial.ubiobio.cl\/index.php?rest_route=\/wp\/v2\/pages\/246"}],"collection":[{"href":"http:\/\/trabajosocial.ubiobio.cl\/index.php?rest_route=\/wp\/v2\/pages"}],"about":[{"href":"http:\/\/trabajosocial.ubiobio.cl\/index.php?rest_route=\/wp\/v2\/types\/page"}],"author":[{"embeddable":true,"href":"http:\/\/trabajosocial.ubiobio.cl\/index.php?rest_route=\/wp\/v2\/users\/1"}],"replies":[{"embeddable":true,"href":"http:\/\/trabajosocial.ubiobio.cl\/index.php?rest_route=%2Fwp%2Fv2%2Fcomments&post=246"}],"version-history":[{"count":12,"href":"http:\/\/trabajosocial.ubiobio.cl\/index.php?rest_route=\/wp\/v2\/pages\/246\/revisions"}],"predecessor-version":[{"id":625,"href":"http:\/\/trabajosocial.ubiobio.cl\/index.php?rest_route=\/wp\/v2\/pages\/246\/revisions\/625"}],"up":[{"embeddable":true,"href":"http:\/\/trabajosocial.ubiobio.cl\/index.php?rest_route=\/wp\/v2\/pages\/67"}],"wp:attachment":[{"href":"http:\/\/trabajosocial.ubiobio.cl\/index.php?rest_route=%2Fwp%2Fv2%2Fmedia&parent=246"}],"curies":[{"name":"wp","href":"https:\/\/api.w.org\/{rel}","templated":true}]}}